{"id":39,"date":"2021-02-27T11:20:52","date_gmt":"2021-02-27T11:20:52","guid":{"rendered":"https:\/\/kindergartenwiki.de\/?page_id=39"},"modified":"2026-01-04T07:14:20","modified_gmt":"2026-01-04T07:14:20","slug":"wir-stellen-unsere-einrichtung-vor","status":"publish","type":"page","link":"https:\/\/kiga-prappach.de\/?page_id=39","title":{"rendered":"Wir stellen unsere Einrichtung vor"},"content":{"rendered":"\t\t<div data-elementor-type=\"wp-page\" data-elementor-id=\"39\" class=\"elementor elementor-39\">\n\t\t\t\t\t\t<section class=\"elementor-section elementor-top-section elementor-element elementor-element-6f0a7328 elementor-section-boxed elementor-section-height-default elementor-section-height-default\" data-id=\"6f0a7328\" data-element_type=\"section\">\n\t\t\t\t\t\t<div class=\"elementor-container elementor-column-gap-default\">\n\t\t\t\t\t<div class=\"elementor-column elementor-col-100 elementor-top-column elementor-element elementor-element-70e370be\" data-id=\"70e370be\" data-element_type=\"column\">\n\t\t\t<div class=\"elementor-widget-wrap elementor-element-populated\">\n\t\t\t\t\t\t<div class=\"elementor-element elementor-element-3d946937 elementor-widget elementor-widget-text-editor\" data-id=\"3d946937\" data-element_type=\"widget\" data-widget_type=\"text-editor.default\">\n\t\t\t\t<div class=\"elementor-widget-container\">\n\t\t\t\t\t\t\t\t\t<h4>Unser<span style=\"color: #000000;\"><strong> Kindergarten<\/strong><\/span><\/h4>\n<p><span style=\"color: #000000;\">Der Kindergarten St. Michael ist ein eingruppiger Landkindergarten.<img decoding=\"async\" class=\"wp-image-16 alignright\" src=\"https:\/\/kindergartenwiki.de\/wp-content\/uploads\/2021\/02\/IMG_7997-300x225.jpg\" alt=\"\" width=\"179\" height=\"134\" srcset=\"https:\/\/kiga-prappach.de\/wp-content\/uploads\/2021\/02\/IMG_7997-300x225.jpg 300w, https:\/\/kiga-prappach.de\/wp-content\/uploads\/2021\/02\/IMG_7997-1024x768.jpg 1024w, https:\/\/kiga-prappach.de\/wp-content\/uploads\/2021\/02\/IMG_7997-768x576.jpg 768w, https:\/\/kiga-prappach.de\/wp-content\/uploads\/2021\/02\/IMG_7997-1536x1152.jpg 1536w, https:\/\/kiga-prappach.de\/wp-content\/uploads\/2021\/02\/IMG_7997-2048x1536.jpg 2048w, https:\/\/kiga-prappach.de\/wp-content\/uploads\/2021\/02\/IMG_7997-600x450.jpg 600w\" sizes=\"(max-width: 179px) 100vw, 179px\" \/> <br>Er befindet sich in der Dorfmitte,&nbsp;direkt neben der Kirche.<br>Wir betreuen Kinder ab 2 Jahren bis zur Einschulung.&nbsp;<br>Selbstverst\u00e4ndlich wickeln wir auch Kinder, die noch nicht windelfrei sind.&nbsp;<br>Auch k\u00f6nnen Kinder, die noch einen Mittagsschlaf machen, <br>bei uns in der Einrichtung schlafen.&nbsp;<\/span><\/p>\n<p><\/p>\n<p><span style=\"color: #000000;\">Wir bieten kein warmes Mittagessen an, erw\u00e4rmen jedoch gerne eine mitgeschickte Mahlzeit.&nbsp;<br>Diese wird im K\u00fchlschrank gek\u00fchlt und kurz vorher dann warm gemacht.<img decoding=\"async\" class=\"wp-image-136 alignright\" src=\"https:\/\/kindergartenwiki.de\/wp-content\/uploads\/2021\/03\/IMG_7963-300x225.jpg\" alt=\"\" width=\"149\" height=\"112\" srcset=\"https:\/\/kiga-prappach.de\/wp-content\/uploads\/2021\/03\/IMG_7963-300x225.jpg 300w, https:\/\/kiga-prappach.de\/wp-content\/uploads\/2021\/03\/IMG_7963-1024x768.jpg 1024w, https:\/\/kiga-prappach.de\/wp-content\/uploads\/2021\/03\/IMG_7963-768x576.jpg 768w, https:\/\/kiga-prappach.de\/wp-content\/uploads\/2021\/03\/IMG_7963-1536x1152.jpg 1536w, https:\/\/kiga-prappach.de\/wp-content\/uploads\/2021\/03\/IMG_7963-2048x1536.jpg 2048w\" sizes=\"(max-width: 149px) 100vw, 149px\" \/> <\/span><\/p>\n<p><\/p>\n<p><span style=\"color: #000000;\"><strong>Unsere \u00d6ffnungszeiten sind:<\/strong><\/span><\/p>\n<p><span style=\"color: #000000;\">Montag: &nbsp; &nbsp; &nbsp; &nbsp; 7.15 Uhr bis 15.45 Uhr<br>Dienstag: &nbsp; &nbsp; &nbsp; 7.15 Uhr bis 15.45 Uhr<br>Mittwoch: &nbsp; &nbsp; &nbsp;7.15 Uhr bis 15.45 Uhr<br>Donnerstag: &nbsp;7.15 Uhr bis 15.45 Uhr&nbsp; &nbsp;<br>Freitag: &nbsp; &nbsp; &nbsp; &nbsp; &nbsp;7.15 Uhr bis 14.45 Uhr<\/span><\/p>\n<p><\/p>\n<p><span style=\"color: #000000;\"><strong>&nbsp;<\/strong><\/span><\/p>\n<p><span style=\"color: #000000;\"><strong>Unsere Schlie\u00dfzeiten&nbsp;<\/strong><\/span><\/p>\n<p><span style=\"color: #000000;\">sind&nbsp;<\/span><span style=\"color: #000000;\">maximal 30 Tage im Jahr<\/span><\/p>\n<p><u>2025 \/ 2026<\/u><\/p>\n<p><span style=\"color: #000000; font-family: var( --e-global-typography-text-font-family ), Sans-serif; font-weight: var( --e-global-typography-text-font-weight );\">&nbsp; 2 Wochen in den Weihnachtsferien&nbsp; &nbsp; &nbsp; &nbsp; &nbsp; &nbsp; &nbsp; &nbsp; &nbsp; &nbsp; &nbsp; &nbsp; &nbsp; &nbsp; &nbsp; &nbsp; &nbsp; &nbsp; &nbsp; &nbsp; &nbsp; &nbsp; &nbsp; &nbsp; &nbsp; &nbsp; &nbsp; &nbsp; &nbsp; &nbsp; &nbsp; &nbsp; &nbsp; &nbsp; &nbsp; &nbsp; &nbsp; &nbsp; &nbsp; &nbsp; &nbsp; &nbsp; &nbsp; &nbsp; &nbsp; &nbsp; &nbsp; &nbsp; &nbsp; &nbsp; &nbsp; &nbsp; &nbsp; &nbsp; &nbsp; &nbsp; &nbsp; &nbsp; &nbsp; &nbsp; &nbsp; &nbsp; &nbsp; &nbsp; &nbsp; &nbsp; &nbsp; &nbsp; &nbsp; &nbsp; &nbsp; &nbsp; &nbsp; &nbsp; &nbsp; &nbsp; &nbsp; &nbsp; &nbsp; &nbsp; &nbsp; &nbsp; &nbsp; &nbsp; &nbsp; &nbsp; &nbsp; &nbsp; &nbsp; &nbsp; &nbsp; &nbsp; &nbsp; &nbsp;&nbsp;<\/span><span style=\"color: #000000; font-family: var( --e-global-typography-text-font-family ), Sans-serif; font-weight: var( --e-global-typography-text-font-weight );\">1 Woche in den Pfingstferien&nbsp; &nbsp; &nbsp; &nbsp; &nbsp; &nbsp; &nbsp; &nbsp; &nbsp; &nbsp; &nbsp; &nbsp; &nbsp; &nbsp; &nbsp; &nbsp; &nbsp; &nbsp; &nbsp; &nbsp; &nbsp; &nbsp; &nbsp; &nbsp; &nbsp; &nbsp; &nbsp; &nbsp; &nbsp; &nbsp; &nbsp; &nbsp; &nbsp; &nbsp; &nbsp; &nbsp; &nbsp; &nbsp; &nbsp; &nbsp; &nbsp; &nbsp; &nbsp; &nbsp; &nbsp; &nbsp; &nbsp; &nbsp; &nbsp; &nbsp; &nbsp; &nbsp; &nbsp; &nbsp; &nbsp; &nbsp; &nbsp; &nbsp; &nbsp; &nbsp; &nbsp; &nbsp; &nbsp; &nbsp; &nbsp; &nbsp; &nbsp; &nbsp; &nbsp; &nbsp; &nbsp; &nbsp; &nbsp; &nbsp; &nbsp; &nbsp; &nbsp; &nbsp; &nbsp; &nbsp; &nbsp; &nbsp; &nbsp; &nbsp; &nbsp; &nbsp; &nbsp; &nbsp; &nbsp; &nbsp; &nbsp; &nbsp; &nbsp; &nbsp; &nbsp; &nbsp; &nbsp; &nbsp;&nbsp;<\/span><span style=\"color: #000000; font-family: var( --e-global-typography-text-font-family ), Sans-serif; font-weight: var( --e-global-typography-text-font-weight );\">3 Wochen in den Sommerferien<\/span><\/p>\n<p><span style=\"color: #000000;\">Wir schlie\u00dfen keine Br\u00fcckentage.<\/span><\/p>\n<p><\/p>\n<p><span style=\"color: #000000;\"><strong>&nbsp;<\/strong><\/span><\/p>\n<p><span style=\"color: #000000;\"><strong>Anmeldung:&nbsp;<\/strong><\/span><\/p>\n<p><span style=\"color: #000000;\">Die Anmeldung in allen Kindertageseinrichtungen im Stadtgebiet erfolgt seit 2020 \u00fcber ein gemeinsames Portal.<\/span><\/p>\n<p><span style=\"text-decoration: underline;\"><span style=\"color: #000000; text-decoration: underline;\">Hier der Link dazu:&nbsp;<\/span><br><\/span><a href=\"https:\/\/www.buergerserviceportal.de\/bayern\/hassfurt\">https:\/\/www.buergerserviceportal.de\/bayern\/hassfurt<\/a><\/p>\n<p><\/p>\n<p><span style=\"color: #000000;\">Wir sind eine katholische Einrichtung und feiern mit den Kindern auch religi\u00f6se Feste im Jahreslauf,&nbsp;<br>z.B. den Erntedankgottesdienst, St. Martin, Weihnachten, etc.. So beten oder singen wir auch vor&nbsp;<br>dem&nbsp; Essen ein kurzes Dankgebet \/ -lied. &nbsp;<\/span><\/p>\n<p><\/p>\n<p><span style=\"color: #000000;\"><br>Kinder anderer Religionen sind bei uns auch herzlich willkommen.<br>Wir achten die Gebr\u00e4uche anderer Glaubensrichtungen und bereiten z.B. am Koch- und Backtag&nbsp;<br>auch immer ein paar Portionen an die jeweiligen Kulturen und Religionen angepasste Speisen zu.&nbsp;&nbsp;<\/span><\/p>\n<p><!-- \/wp:tadv\/classic-paragraph --><\/p>\t\t\t\t\t\t\t\t<\/div>\n\t\t\t\t<\/div>\n\t\t\t\t\t<\/div>\n\t\t<\/div>\n\t\t\t\t\t<\/div>\n\t\t<\/section>\n\t\t\t\t<\/div>\n\t\t","protected":false},"excerpt":{"rendered":"<p>Unser Kindergarten Der Kindergarten St. Michael ist ein eingruppiger Landkindergarten. Er befindet sich in der Dorfmitte,&nbsp;direkt neben der Kirche.Wir betreuen &hellip; <\/p>\n","protected":false},"author":1,"featured_media":0,"parent":0,"menu_order":0,"comment_status":"closed","ping_status":"closed","template":"","meta":{"inline_featured_image":false,"footnotes":""},"class_list":["post-39","page","type-page","status-publish","hentry","gallery-content-unit"],"yoast_head":"<!-- This site is optimized with the Yoast SEO plugin v26.6 - https:\/\/yoast.com\/wordpress\/plugins\/seo\/ -->\n<title>Wir stellen unsere Einrichtung vor - Kindergarten St. Michael<\/title>\n<meta name=\"robots\" content=\"index, follow, max-snippet:-1, max-image-preview:large, max-video-preview:-1\" \/>\n<link rel=\"canonical\" href=\"https:\/\/kiga-prappach.de\/?page_id=39\" \/>\n<meta property=\"og:locale\" content=\"de_DE\" \/>\n<meta property=\"og:type\" content=\"article\" \/>\n<meta property=\"og:title\" content=\"Wir stellen unsere Einrichtung vor - Kindergarten St. Michael\" \/>\n<meta property=\"og:description\" content=\"Unser Kindergarten Der Kindergarten St. Michael ist ein eingruppiger Landkindergarten. Er befindet sich in der Dorfmitte,&nbsp;direkt neben der Kirche.Wir betreuen &hellip;\" \/>\n<meta property=\"og:url\" content=\"https:\/\/kiga-prappach.de\/?page_id=39\" \/>\n<meta property=\"og:site_name\" content=\"Kindergarten St. Michael\" \/>\n<meta property=\"article:modified_time\" content=\"2026-01-04T07:14:20+00:00\" \/>\n<meta property=\"og:image\" content=\"https:\/\/kiga-prappach.de\/wp-content\/uploads\/2021\/02\/IMG_7997-scaled.jpg\" \/>\n\t<meta property=\"og:image:width\" content=\"2560\" \/>\n\t<meta property=\"og:image:height\" content=\"1920\" \/>\n\t<meta property=\"og:image:type\" content=\"image\/jpeg\" \/>\n<meta name=\"twitter:card\" content=\"summary_large_image\" \/>\n<meta name=\"twitter:label1\" content=\"Gesch\u00e4tzte Lesezeit\" \/>\n\t<meta name=\"twitter:data1\" content=\"2\u00a0Minuten\" \/>\n<script type=\"application\/ld+json\" class=\"yoast-schema-graph\">{\"@context\":\"https:\/\/schema.org\",\"@graph\":[{\"@type\":\"WebPage\",\"@id\":\"https:\/\/kiga-prappach.de\/?page_id=39\",\"url\":\"https:\/\/kiga-prappach.de\/?page_id=39\",\"name\":\"Wir stellen unsere Einrichtung vor - Kindergarten St. Michael\",\"isPartOf\":{\"@id\":\"https:\/\/kiga-prappach.de\/#website\"},\"primaryImageOfPage\":{\"@id\":\"https:\/\/kiga-prappach.de\/?page_id=39#primaryimage\"},\"image\":{\"@id\":\"https:\/\/kiga-prappach.de\/?page_id=39#primaryimage\"},\"thumbnailUrl\":\"https:\/\/kindergartenwiki.de\/wp-content\/uploads\/2021\/02\/IMG_7997-300x225.jpg\",\"datePublished\":\"2021-02-27T11:20:52+00:00\",\"dateModified\":\"2026-01-04T07:14:20+00:00\",\"breadcrumb\":{\"@id\":\"https:\/\/kiga-prappach.de\/?page_id=39#breadcrumb\"},\"inLanguage\":\"de\",\"potentialAction\":[{\"@type\":\"ReadAction\",\"target\":[\"https:\/\/kiga-prappach.de\/?page_id=39\"]}]},{\"@type\":\"ImageObject\",\"inLanguage\":\"de\",\"@id\":\"https:\/\/kiga-prappach.de\/?page_id=39#primaryimage\",\"url\":\"https:\/\/kindergartenwiki.de\/wp-content\/uploads\/2021\/02\/IMG_7997-300x225.jpg\",\"contentUrl\":\"https:\/\/kindergartenwiki.de\/wp-content\/uploads\/2021\/02\/IMG_7997-300x225.jpg\"},{\"@type\":\"BreadcrumbList\",\"@id\":\"https:\/\/kiga-prappach.de\/?page_id=39#breadcrumb\",\"itemListElement\":[{\"@type\":\"ListItem\",\"position\":1,\"name\":\"Startseite\",\"item\":\"https:\/\/kiga-prappach.de\/\"},{\"@type\":\"ListItem\",\"position\":2,\"name\":\"Wir stellen unsere Einrichtung vor\"}]},{\"@type\":\"WebSite\",\"@id\":\"https:\/\/kiga-prappach.de\/#website\",\"url\":\"https:\/\/kiga-prappach.de\/\",\"name\":\"Kindergarten St. Michael\",\"description\":\"\",\"publisher\":{\"@id\":\"https:\/\/kiga-prappach.de\/#organization\"},\"potentialAction\":[{\"@type\":\"SearchAction\",\"target\":{\"@type\":\"EntryPoint\",\"urlTemplate\":\"https:\/\/kiga-prappach.de\/?s={search_term_string}\"},\"query-input\":{\"@type\":\"PropertyValueSpecification\",\"valueRequired\":true,\"valueName\":\"search_term_string\"}}],\"inLanguage\":\"de\"},{\"@type\":\"Organization\",\"@id\":\"https:\/\/kiga-prappach.de\/#organization\",\"name\":\"Kindergarten St. Michael\",\"url\":\"https:\/\/kiga-prappach.de\/\",\"logo\":{\"@type\":\"ImageObject\",\"inLanguage\":\"de\",\"@id\":\"https:\/\/kiga-prappach.de\/#\/schema\/logo\/image\/\",\"url\":\"https:\/\/kiga-prappach.de\/wp-content\/uploads\/2021\/02\/cropped-cropped-Icon-Website-e1614960864949.jpg\",\"contentUrl\":\"https:\/\/kiga-prappach.de\/wp-content\/uploads\/2021\/02\/cropped-cropped-Icon-Website-e1614960864949.jpg\",\"width\":50,\"height\":50,\"caption\":\"Kindergarten St. Michael\"},\"image\":{\"@id\":\"https:\/\/kiga-prappach.de\/#\/schema\/logo\/image\/\"}}]}<\/script>\n<!-- \/ Yoast SEO plugin. -->","yoast_head_json":{"title":"Wir stellen unsere Einrichtung vor - Kindergarten St. Michael","robots":{"index":"index","follow":"follow","max-snippet":"max-snippet:-1","max-image-preview":"max-image-preview:large","max-video-preview":"max-video-preview:-1"},"canonical":"https:\/\/kiga-prappach.de\/?page_id=39","og_locale":"de_DE","og_type":"article","og_title":"Wir stellen unsere Einrichtung vor - Kindergarten St. Michael","og_description":"Unser Kindergarten Der Kindergarten St. Michael ist ein eingruppiger Landkindergarten. Er befindet sich in der Dorfmitte,&nbsp;direkt neben der Kirche.Wir betreuen &hellip;","og_url":"https:\/\/kiga-prappach.de\/?page_id=39","og_site_name":"Kindergarten St. Michael","article_modified_time":"2026-01-04T07:14:20+00:00","og_image":[{"width":2560,"height":1920,"url":"https:\/\/kiga-prappach.de\/wp-content\/uploads\/2021\/02\/IMG_7997-scaled.jpg","type":"image\/jpeg"}],"twitter_card":"summary_large_image","twitter_misc":{"Gesch\u00e4tzte Lesezeit":"2\u00a0Minuten"},"schema":{"@context":"https:\/\/schema.org","@graph":[{"@type":"WebPage","@id":"https:\/\/kiga-prappach.de\/?page_id=39","url":"https:\/\/kiga-prappach.de\/?page_id=39","name":"Wir stellen unsere Einrichtung vor - Kindergarten St. Michael","isPartOf":{"@id":"https:\/\/kiga-prappach.de\/#website"},"primaryImageOfPage":{"@id":"https:\/\/kiga-prappach.de\/?page_id=39#primaryimage"},"image":{"@id":"https:\/\/kiga-prappach.de\/?page_id=39#primaryimage"},"thumbnailUrl":"https:\/\/kindergartenwiki.de\/wp-content\/uploads\/2021\/02\/IMG_7997-300x225.jpg","datePublished":"2021-02-27T11:20:52+00:00","dateModified":"2026-01-04T07:14:20+00:00","breadcrumb":{"@id":"https:\/\/kiga-prappach.de\/?page_id=39#breadcrumb"},"inLanguage":"de","potentialAction":[{"@type":"ReadAction","target":["https:\/\/kiga-prappach.de\/?page_id=39"]}]},{"@type":"ImageObject","inLanguage":"de","@id":"https:\/\/kiga-prappach.de\/?page_id=39#primaryimage","url":"https:\/\/kindergartenwiki.de\/wp-content\/uploads\/2021\/02\/IMG_7997-300x225.jpg","contentUrl":"https:\/\/kindergartenwiki.de\/wp-content\/uploads\/2021\/02\/IMG_7997-300x225.jpg"},{"@type":"BreadcrumbList","@id":"https:\/\/kiga-prappach.de\/?page_id=39#breadcrumb","itemListElement":[{"@type":"ListItem","position":1,"name":"Startseite","item":"https:\/\/kiga-prappach.de\/"},{"@type":"ListItem","position":2,"name":"Wir stellen unsere Einrichtung vor"}]},{"@type":"WebSite","@id":"https:\/\/kiga-prappach.de\/#website","url":"https:\/\/kiga-prappach.de\/","name":"Kindergarten St. Michael","description":"","publisher":{"@id":"https:\/\/kiga-prappach.de\/#organization"},"potentialAction":[{"@type":"SearchAction","target":{"@type":"EntryPoint","urlTemplate":"https:\/\/kiga-prappach.de\/?s={search_term_string}"},"query-input":{"@type":"PropertyValueSpecification","valueRequired":true,"valueName":"search_term_string"}}],"inLanguage":"de"},{"@type":"Organization","@id":"https:\/\/kiga-prappach.de\/#organization","name":"Kindergarten St. Michael","url":"https:\/\/kiga-prappach.de\/","logo":{"@type":"ImageObject","inLanguage":"de","@id":"https:\/\/kiga-prappach.de\/#\/schema\/logo\/image\/","url":"https:\/\/kiga-prappach.de\/wp-content\/uploads\/2021\/02\/cropped-cropped-Icon-Website-e1614960864949.jpg","contentUrl":"https:\/\/kiga-prappach.de\/wp-content\/uploads\/2021\/02\/cropped-cropped-Icon-Website-e1614960864949.jpg","width":50,"height":50,"caption":"Kindergarten St. Michael"},"image":{"@id":"https:\/\/kiga-prappach.de\/#\/schema\/logo\/image\/"}}]}},"jetpack_sharing_enabled":true,"_links":{"self":[{"href":"https:\/\/kiga-prappach.de\/index.php?rest_route=\/wp\/v2\/pages\/39","targetHints":{"allow":["GET"]}}],"collection":[{"href":"https:\/\/kiga-prappach.de\/index.php?rest_route=\/wp\/v2\/pages"}],"about":[{"href":"https:\/\/kiga-prappach.de\/index.php?rest_route=\/wp\/v2\/types\/page"}],"author":[{"embeddable":true,"href":"https:\/\/kiga-prappach.de\/index.php?rest_route=\/wp\/v2\/users\/1"}],"replies":[{"embeddable":true,"href":"https:\/\/kiga-prappach.de\/index.php?rest_route=%2Fwp%2Fv2%2Fcomments&post=39"}],"version-history":[{"count":32,"href":"https:\/\/kiga-prappach.de\/index.php?rest_route=\/wp\/v2\/pages\/39\/revisions"}],"predecessor-version":[{"id":1098,"href":"https:\/\/kiga-prappach.de\/index.php?rest_route=\/wp\/v2\/pages\/39\/revisions\/1098"}],"wp:attachment":[{"href":"https:\/\/kiga-prappach.de\/index.php?rest_route=%2Fwp%2Fv2%2Fmedia&parent=39"}],"curies":[{"name":"wp","href":"https:\/\/api.w.org\/{rel}","templated":true}]}}